{"id":5,"date":"2007-04-28T22:17:16","date_gmt":"2007-04-28T20:17:16","guid":{"rendered":"http:\/\/regrowingeden.ch\/?page_id=5"},"modified":"2010-12-21T21:38:08","modified_gmt":"2010-12-21T19:38:08","slug":"artists","status":"publish","type":"page","link":"https:\/\/regrowingeden.ch\/?page_id=5","title":{"rendered":"Artists"},"content":{"rendered":"<p><lang_en><img decoding=\"async\" title=\"HinaMaetti\" src=\"http:\/\/regrowingeden.ch\/wp-content\/uploads\/hinamaetti.jpg\" border=\"0\" alt=\"HinaMaetti\" \/><\/p>\n<p><strong>Hina Str\u00fcver<\/strong> has a Master of Fine Arts from Braunschweig University of Art, with majors in object art, installation and performance. Since completing her Masters degree she has carried out various art projects and scholarships in a number of countries. <a href=\"http:\/\/www.hina.de\/\" target=\"_blank\">www.hina.de<\/a><br \/>\n<a title=\"CV Hina\" href=\"http:\/\/regrowingeden.ch\/wp-content\/uploads\/061008_cv-struever-kopie.pdf\" target=\"_blank\"><br \/>\n<\/a><\/p>\n<p><strong>M\u00e4tti W\u00fcthrich<\/strong> graduated in Environmental Sciences at the Swiss Federal Institute of Technology Zurich. His path since as performance artist has traced the line between science, environmental politics and art.<br \/>\n<a href=\"http:\/\/\">CV Maett<\/a><br \/>\n<\/lang_en><\/p>\n<p><lang_de><img decoding=\"async\" title=\"HinaMaetti\" src=\"http:\/\/regrowingeden.ch\/wp-content\/uploads\/hinamaetti.jpg\" border=\"0\" alt=\"HinaMaetti\" \/><\/p>\n<p><strong>Hina Str\u00fcver<\/strong> hat eine Kunstausbildung an der Hochschule f\u00fcr Bildende K\u00fcnste in Braunschweig mit Schwerpunkt Objektkunst, Installation und Performance abgeschlossen. Nach dem Master in Fine Arts folgten verschieden Kunstprojekte und Stipendien. <a href=\"http:\/\/www.hina.de\/\" target=\"_blank\">www.hina.de<\/a><br \/>\n<a title=\"CV Hina\" href=\"http:\/\/regrowingeden.ch\/wp-content\/uploads\/061008_cv-struever-kopie.pdf\" target=\"_blank\">CV Hina<\/a><\/p>\n<p><strong>M\u00e4tti W\u00fcthrich<\/strong> hat Umweltnaturwissenschaften an der ETHZ studiert. Seither bewegt er sich performativ als Aktionsk\u00fcnstler und Campaigner vorwiegend in einem politisch-k\u00fcnstlerischen Spannungsfeld.<br \/>\n<a href=\"http:\/\/\">CV Maetti<\/a><br \/>\n<\/lang_de><\/p>\n<p><lang_pt><img decoding=\"async\" title=\"HinaMaetti\" src=\"http:\/\/regrowingeden.ch\/wp-content\/uploads\/hinamaetti.jpg\" border=\"0\" alt=\"HinaMaetti\" \/><\/p>\n<p><strong>Hina Str\u00fcver<\/strong> \u00e9 Mestrada em Belas Artes na Universidade de arte de Braunschweig, com experi\u00eancia em objetos, instala\u00e7\u00f5es e performances. Desde que completou seu mestrado ela tem feito v\u00e1rios projetos de arte e bolsas de estudo em v\u00e1rios pa\u00edses. <a title=\"CV Hina\" href=\"http:\/\/regrowingeden.ch\/wp-content\/uploads\/061008_cv-struever-kopie.pdf\" target=\"_blank\">www.hina.de<\/a><br \/>\n<a title=\"CV Hina\" href=\"http:\/\/regrowingeden.ch\/wp-content\/uploads\/061008_cv-struever-kopie.pdf\" target=\"_blank\">CV Hina<\/a><\/p>\n<p><strong>M\u00e4tti W\u00fcthrich<\/strong> graduado em Ci\u00eancia Ambiental no Instituto Su\u00ed\u00e7o de Tecnologia de Zurique. Desde ent\u00e3o suas experi\u00eancias como artista perform\u00e1tico foi tra\u00e7ada na fina linha entre a ci\u00eancia, pol\u00edtica ambiental e arte.<br \/>\n<a title=\"CV Maetti\" href=\"http:\/\/\" target=\"_blank\">CV Maetti<\/a><br \/>\n<\/lang_pt><\/p>\n<p><lang_vi><img decoding=\"async\" title=\"HinaMaetti\" src=\"http:\/\/regrowingeden.ch\/wp-content\/uploads\/hinamaetti.jpg\" border=\"0\" alt=\"HinaMaetti\" \/><\/p>\n<p><strong>Hina Str\u00fcver<\/strong> \u0111\u01b0\u1ee3c \u0111\u00e0o t\u1ea1o v\u1ec1 ngh\u1ec7 thu\u1eadt t\u1ea1i tr\u01b0\u1eddng Cao \u0111\u1eb3ng v\u1ec1 ngh\u1ec7 thu\u1eadt t\u1ea1o h\u00ecnh \u1edf Braunschweig v\u1edbi c\u00e1c tr\u1ecdng t\u00e2m v\u1ec1 ngh\u1ec7 thu\u1eadt c\u1ee5 th\u1ec3, ngh\u1ec7 thu\u1eadt s\u1eafp \u0111\u1eb7t  v\u00e0 ngh\u1ec7 thu\u1eadt th\u1ec3 hi\u1ec7n. Sau khi tr\u1edf th\u00e0nh Master  v\u1ec1 M\u1ef9 thu\u1eadt  ch\u1ecb \u0111\u00e3 th\u1ef1c hi\u1ec7n nhi\u1ec1u d\u1ef1 \u00e1n ngh\u1ec7 thu\u1eadt kh\u00e1c nhau v\u00e0 nh\u1eadn \u0111\u01b0\u1ee3c m\u1ed9t s\u1ed1 h\u1ecdc b\u1ed5ng. <a title=\"CV Hina\" href=\"http:\/\/regrowingeden.ch\/wp-content\/uploads\/061008_cv-struever-kopie.pdf\" target=\"_blank\">www.hina.de<\/a><br \/>\n<a title=\"CV Hina\" href=\"http:\/\/regrowingeden.ch\/wp-content\/uploads\/061008_cv-struever-kopie.pdf\" target=\"_blank\">CV Hina<\/a><\/p>\n<p><strong>M\u00e4tti W\u00fcthrich<\/strong> \u0111\u00e3 h\u1ecdc v\u1ec1 khoa h\u1ecdc M\u00f4i tr\u01b0\u1eddng t\u1ea1i tr\u01b0\u1eddng Cao \u0111\u1eb3ng k\u1ef9 thu\u1eadt  Z\u00fcrich.  Sau khi ra tr\u01b0\u1eddng anh ho\u1ea1t \u0111\u1ed9ng v\u1edbi t\u01b0 c\u00e1ch ngh\u1ec7 s\u1ef9 h\u00e0nh \u0111\u1ed9ng ch\u1ee7 y\u1ebfu trong m\u00f4i tr\u01b0\u1eddng \u0111an xen gi\u1eefa ngh\u1ec7 thu\u1eadt s\u1eafp \u0111\u1eb7t v\u00e0 ngh\u1ec7 thu\u1eadt tr\u00ecnh di\u1ec5n (Performance) tr\u00ean \u0111\u1ecba b\u00e0n  c\u00f4ng c\u1ed9ng.<br \/>\n<a title=\"CV Maetti\" href=\"http:\/\/\" target=\"_blank\">CV Maetti<\/a><br \/>\n<\/lang_vi><\/p>\n","protected":false},"excerpt":{"rendered":"<p>Hina Str\u00fcver has a Master of Fine Arts from Braunschweig University of Art, with majors in object art, installation and performance. Since completing her Masters degree she has carried out various art projects and scholarships in a number of countries. www.hina.de M\u00e4tti W\u00fcthrich graduated in Environmental Sciences at the Swiss Federal Institute of Technology Zurich. [&hellip;]<\/p>\n","protected":false},"author":1,"featured_media":0,"parent":0,"menu_order":1,"comment_status":"closed","ping_status":"closed","template":"breit.php","meta":{"footnotes":""},"class_list":["post-5","page","type-page","status-publish","hentry"],"_links":{"self":[{"href":"https:\/\/regrowingeden.ch\/index.php?rest_route=\/wp\/v2\/pages\/5","targetHints":{"allow":["GET"]}}],"collection":[{"href":"https:\/\/regrowingeden.ch\/index.php?rest_route=\/wp\/v2\/pages"}],"about":[{"href":"https:\/\/regrowingeden.ch\/index.php?rest_route=\/wp\/v2\/types\/page"}],"author":[{"embeddable":true,"href":"https:\/\/regrowingeden.ch\/index.php?rest_route=\/wp\/v2\/users\/1"}],"replies":[{"embeddable":true,"href":"https:\/\/regrowingeden.ch\/index.php?rest_route=%2Fwp%2Fv2%2Fcomments&post=5"}],"version-history":[{"count":3,"href":"https:\/\/regrowingeden.ch\/index.php?rest_route=\/wp\/v2\/pages\/5\/revisions"}],"predecessor-version":[{"id":534,"href":"https:\/\/regrowingeden.ch\/index.php?rest_route=\/wp\/v2\/pages\/5\/revisions\/534"}],"wp:attachment":[{"href":"https:\/\/regrowingeden.ch\/index.php?rest_route=%2Fwp%2Fv2%2Fmedia&parent=5"}],"curies":[{"name":"wp","href":"https:\/\/api.w.org\/{rel}","templated":true}]}}